{"version":"1.0","provider_name":"Proagro","provider_url":"https:\/\/proagrolab.com.ar\/en","title":"Videla dejar\u00eda de ser el subsecretario de Lecher\u00eda. | Proagro","type":"rich","width":600,"height":338,"html":"<blockquote class=\"wp-embedded-content\" data-secret=\"iabrfVLhja\"><a href=\"https:\/\/proagrolab.com.ar\/en\/videla-dejaria-de-ser-el-subsecretario-de-lecheria\/\">Videla dejar\u00eda de ser el subsecretario de Lecher\u00eda.<\/a><\/blockquote><iframe sandbox=\"allow-scripts\" security=\"restricted\" src=\"https:\/\/proagrolab.com.ar\/en\/videla-dejaria-de-ser-el-subsecretario-de-lecheria\/embed\/#?secret=iabrfVLhja\" width=\"600\" height=\"338\" title=\"&#8220;Videla dejar\u00eda de ser el subsecretario de Lecher\u00eda.&#8221; &#8212; Proagro\" data-secret=\"iabrfVLhja\" frameborder=\"0\" marginwidth=\"0\" marginheight=\"0\" scrolling=\"no\" class=\"wp-embedded-content\"><\/iframe><script type=\"text\/javascript\">\n\/* <![CDATA[ *\/\n\/*! This file is auto-generated *\/\n!function(d,l){\"use strict\";l.querySelector&&d.addEventListener&&\"undefined\"!=typeof URL&&(d.wp=d.wp||{},d.wp.receiveEmbedMessage||(d.wp.receiveEmbedMessage=function(e){var t=e.data;if((t||t.secret||t.message||t.value)&&!\/[^a-zA-Z0-9]\/.test(t.secret)){for(var s,r,n,a=l.querySelectorAll('iframe[data-secret=\"'+t.secret+'\"]'),o=l.querySelectorAll('blockquote[data-secret=\"'+t.secret+'\"]'),c=new RegExp(\"^https?:$\",\"i\"),i=0;i<o.length;i++)o[i].style.display=\"none\";for(i=0;i<a.length;i++)s=a[i],e.source===s.contentWindow&&(s.removeAttribute(\"style\"),\"height\"===t.message?(1e3<(r=parseInt(t.value,10))?r=1e3:~~r<200&&(r=200),s.height=r):\"link\"===t.message&&(r=new URL(s.getAttribute(\"src\")),n=new URL(t.value),c.test(n.protocol))&&n.host===r.host&&l.activeElement===s&&(d.top.location.href=t.value))}},d.addEventListener(\"message\",d.wp.receiveEmbedMessage,!1),l.addEventListener(\"DOMContentLoaded\",function(){for(var e,t,s=l.querySelectorAll(\"iframe.wp-embedded-content\"),r=0;r<s.length;r++)(t=(e=s[r]).getAttribute(\"data-secret\"))||(t=Math.random().toString(36).substring(2,12),e.src+=\"#?secret=\"+t,e.setAttribute(\"data-secret\",t)),e.contentWindow.postMessage({message:\"ready\",secret:t},\"*\")},!1)))}(window,document);\n\/\/# sourceURL=https:\/\/proagrolab.com.ar\/wp-includes\/js\/wp-embed.min.js\n\/* ]]> *\/\n<\/script>\n","thumbnail_url":"https:\/\/proagrolab.com.ar\/wp-content\/uploads\/2015\/01\/g_cmj1utuxk__Lecheras-15.jpg","thumbnail_width":450,"thumbnail_height":208,"description":"Por Elida Thiery Con la asunci\u00f3n del nuevo Ministro de Agricultura, Ganader\u00eda y Pesca, los cambios estructurales no se hacen esperar. Fue desde la tarde del mi\u00e9rcoles que los rumores comenzaron a circular con intensidad, coincidiendo con la asunci\u00f3n de Carlos Casamiquela. Claro que el nombre de Jorge Videla fue uno de los primeros en resonar como parte de los funcionarios a renovar en esa cartera. Fue as\u00ed que LA OPINION luego de recibir la informaci\u00f3n por varias voces, lo consult\u00f3 de manera directa con el hombre de Villa Mar\u00eda, que destacando la buena informaci\u00f3n manejada, dejaba entrever la posibilidad del hecho. Sin embargo y como ya lo hab\u00eda hecho en pleno paro de tamberos a mediados de 2012, intent\u00f3 jugar con el doble discurso. En esa oportunidad hab\u00eda bromeado con su renuncia, cuesti\u00f3n que no fue tal, pero que en definitiva estuvo muy cerca, salvando el cargo en aquella madrugada del 10 de agosto, cuando hizo firmar un convenio para el levantamiento de la medida que jam\u00e1s pudo cumplir. Videla, que se promocionara como candidato a ser Ministro, hoy est\u00e1 pendiendo de un fino lazo en ese edificio de la calle Paseo Col\u00f3n. Su renuncia puesta a disposici\u00f3n en [&hellip;]"}