{"version":"1.0","provider_name":"Proagro","provider_url":"https:\/\/proagrolab.com.ar\/en","title":"Subi\u00f3 en 2013 la producci\u00f3n de carne. | Proagro","type":"rich","width":600,"height":338,"html":"<blockquote class=\"wp-embedded-content\" data-secret=\"gGN6PMVQww\"><a href=\"https:\/\/proagrolab.com.ar\/en\/subio-en-2013-la-produccion-de-carne\/\">Subi\u00f3 en 2013 la producci\u00f3n de carne.<\/a><\/blockquote><iframe sandbox=\"allow-scripts\" security=\"restricted\" src=\"https:\/\/proagrolab.com.ar\/en\/subio-en-2013-la-produccion-de-carne\/embed\/#?secret=gGN6PMVQww\" width=\"600\" height=\"338\" title=\"&#8220;Subi\u00f3 en 2013 la producci\u00f3n de carne.&#8221; &#8212; Proagro\" data-secret=\"gGN6PMVQww\" frameborder=\"0\" marginwidth=\"0\" marginheight=\"0\" scrolling=\"no\" class=\"wp-embedded-content\"><\/iframe><script type=\"text\/javascript\">\n\/* <![CDATA[ *\/\n\/*! This file is auto-generated *\/\n!function(d,l){\"use strict\";l.querySelector&&d.addEventListener&&\"undefined\"!=typeof URL&&(d.wp=d.wp||{},d.wp.receiveEmbedMessage||(d.wp.receiveEmbedMessage=function(e){var t=e.data;if((t||t.secret||t.message||t.value)&&!\/[^a-zA-Z0-9]\/.test(t.secret)){for(var s,r,n,a=l.querySelectorAll('iframe[data-secret=\"'+t.secret+'\"]'),o=l.querySelectorAll('blockquote[data-secret=\"'+t.secret+'\"]'),c=new RegExp(\"^https?:$\",\"i\"),i=0;i<o.length;i++)o[i].style.display=\"none\";for(i=0;i<a.length;i++)s=a[i],e.source===s.contentWindow&&(s.removeAttribute(\"style\"),\"height\"===t.message?(1e3<(r=parseInt(t.value,10))?r=1e3:~~r<200&&(r=200),s.height=r):\"link\"===t.message&&(r=new URL(s.getAttribute(\"src\")),n=new URL(t.value),c.test(n.protocol))&&n.host===r.host&&l.activeElement===s&&(d.top.location.href=t.value))}},d.addEventListener(\"message\",d.wp.receiveEmbedMessage,!1),l.addEventListener(\"DOMContentLoaded\",function(){for(var e,t,s=l.querySelectorAll(\"iframe.wp-embedded-content\"),r=0;r<s.length;r++)(t=(e=s[r]).getAttribute(\"data-secret\"))||(t=Math.random().toString(36).substring(2,12),e.src+=\"#?secret=\"+t,e.setAttribute(\"data-secret\",t)),e.contentWindow.postMessage({message:\"ready\",secret:t},\"*\")},!1)))}(window,document);\n\/\/# sourceURL=https:\/\/proagrolab.com.ar\/wp-includes\/js\/wp-embed.min.js\n\/* ]]> *\/\n<\/script>\n","thumbnail_url":"https:\/\/proagrolab.com.ar\/wp-content\/uploads\/2015\/01\/g_3uxzfs02a__Frigor\u00edfico-3.jpg","thumbnail_width":1,"thumbnail_height":1,"description":"Creci\u00f3 10,3%; tambi\u00e9n lo hizo el consumo. La producci\u00f3n y el consumo de carne crecieron en 2013 un 10,3 y un 9,4 por ciento, respectivamente, en comparaci\u00f3n con 2012, seg\u00fan un informe de la C\u00e1mara de la Industria y el Comercio de Carnes de la Rep\u00fablica Argentina (Ciccra). Adem\u00e1s, la faena se increment\u00f3 11,5 por ciento, con un total de 12,7 millones de cabezas faenadas. No obstante, el informe alert\u00f3 sobre que en diciembre pasado la faena de hembras lleg\u00f3 a 46 por ciento, lo que significa que los ganaderos se est\u00e1n desprendiendo de las vacas. Eso limitar\u00e1 la cantidad de novillos en los pr\u00f3ximos a\u00f1os. Un factor que est\u00e1 impulsando el alza de los env\u00edos de hacienda a faena es la sequ\u00eda que afecta a zonas clave de la ganader\u00eda de cr\u00eda, como la cuenca del Salado. Seg\u00fan el informe, las exportaciones de 2013 tambi\u00e9n subieron 8,9% respecto de 2012, para alcanzar las 195.000 toneladas de res con hueso. Por primera vez en tres a\u00f1os las exportaciones suben, aunque &#8220;en t\u00e9rminos hist\u00f3ricos la presencia de la carne argentina en las g\u00f3ndolas del mundo fue de las m\u00e1s pobres de la historia&#8221;, destac\u00f3 el trabajo. Ciccra calcul\u00f3 que ese volumen [&hellip;]"}