{"version":"1.0","provider_name":"Proagro","provider_url":"https:\/\/proagrolab.com.ar\/en","title":"Se premi\u00f3 la excelencia gen\u00e9tica Brangus. | Proagro","type":"rich","width":600,"height":338,"html":"<blockquote class=\"wp-embedded-content\" data-secret=\"ZWoY4ouhaM\"><a href=\"https:\/\/proagrolab.com.ar\/en\/se-premio-la-excelencia-genetica-brangus\/\">Se premi\u00f3 la excelencia gen\u00e9tica Brangus.<\/a><\/blockquote><iframe sandbox=\"allow-scripts\" security=\"restricted\" src=\"https:\/\/proagrolab.com.ar\/en\/se-premio-la-excelencia-genetica-brangus\/embed\/#?secret=ZWoY4ouhaM\" width=\"600\" height=\"338\" title=\"&#8220;Se premi\u00f3 la excelencia gen\u00e9tica Brangus.&#8221; &#8212; Proagro\" data-secret=\"ZWoY4ouhaM\" frameborder=\"0\" marginwidth=\"0\" marginheight=\"0\" scrolling=\"no\" class=\"wp-embedded-content\"><\/iframe><script type=\"text\/javascript\">\n\/* <![CDATA[ *\/\n\/*! This file is auto-generated *\/\n!function(d,l){\"use strict\";l.querySelector&&d.addEventListener&&\"undefined\"!=typeof URL&&(d.wp=d.wp||{},d.wp.receiveEmbedMessage||(d.wp.receiveEmbedMessage=function(e){var t=e.data;if((t||t.secret||t.message||t.value)&&!\/[^a-zA-Z0-9]\/.test(t.secret)){for(var s,r,n,a=l.querySelectorAll('iframe[data-secret=\"'+t.secret+'\"]'),o=l.querySelectorAll('blockquote[data-secret=\"'+t.secret+'\"]'),c=new RegExp(\"^https?:$\",\"i\"),i=0;i<o.length;i++)o[i].style.display=\"none\";for(i=0;i<a.length;i++)s=a[i],e.source===s.contentWindow&&(s.removeAttribute(\"style\"),\"height\"===t.message?(1e3<(r=parseInt(t.value,10))?r=1e3:~~r<200&&(r=200),s.height=r):\"link\"===t.message&&(r=new URL(s.getAttribute(\"src\")),n=new URL(t.value),c.test(n.protocol))&&n.host===r.host&&l.activeElement===s&&(d.top.location.href=t.value))}},d.addEventListener(\"message\",d.wp.receiveEmbedMessage,!1),l.addEventListener(\"DOMContentLoaded\",function(){for(var e,t,s=l.querySelectorAll(\"iframe.wp-embedded-content\"),r=0;r<s.length;r++)(t=(e=s[r]).getAttribute(\"data-secret\"))||(t=Math.random().toString(36).substring(2,12),e.src+=\"#?secret=\"+t,e.setAttribute(\"data-secret\",t)),e.contentWindow.postMessage({message:\"ready\",secret:t},\"*\")},!1)))}(window,document);\n\/\/# sourceURL=https:\/\/proagrolab.com.ar\/wp-includes\/js\/wp-embed.min.js\n\/* ]]> *\/\n<\/script>\n","thumbnail_url":"https:\/\/proagrolab.com.ar\/wp-content\/uploads\/2015\/01\/g_ya7zqraz2__Brangus-negro-6.jpg","thumbnail_width":450,"thumbnail_height":208,"description":"El escenario renovado de la Sociedad Rural de Chaco, sede Resistencia, fue el testigo de las evaluaciones gen\u00e9ticas que se llevaron a cabo desde el mi\u00e9rcoles con la Exposici\u00f3n de Criador a Criador y la Exposici\u00f3n Nacional del Ternero, culminando, hoy con la 45\u00ba Gran Nacional Brangus. As\u00ed, m\u00e1s de 370 animales de m\u00e1s de 50 caba\u00f1as desfilaron bajo los expectantes criadores orgullosos de su hacienda, y del afilado ojo d los jurados Gast\u00f3n Garc\u00eda y el paraguayo Sebasti\u00e1n Pizarro. La raza \u0093est\u00e1 segunda en el pa\u00eds y representa el 20% del ganado nacional\u0094 indic\u00f3 Santiago Gilotaux, Presidente de la Asociaci\u00f3n Argentina de Brangus, quien se mostr\u00f3 confiado en el futuro de la ganader\u00eda que solo necesita \u0093sentido com\u00fan y pol\u00edticas que no signifiquen una traba a su desarrollo\u0094Todos los ganadoresJura de La Gran Nacional BrangusEl Gran Campe\u00f3n Macho fue para la Caba\u00f1a La Sultana de Dante Groppo, mientras que el Reservado Gran Campe\u00f3n Macho se lo llev\u00f3 la Caba\u00f1a Don Pedro de Ra\u00fal Gallo. El tercer Mejor Toro fue para la Caba\u00f1a El Carmen de La Pe\u00f1a Colorada S.A El Campe\u00f3n Conjunto lo consigui\u00f3 la Caba\u00f1a La Pe\u00f1a Colorada del Carmen S.A. El Mejor Toro Individual tambi\u00e9n se lo [&hellip;]"}