{"version":"1.0","provider_name":"Proagro","provider_url":"https:\/\/proagrolab.com.ar\/en","title":"Piden que se normalicen las exportaciones de carne. | Proagro","type":"rich","width":600,"height":338,"html":"<blockquote class=\"wp-embedded-content\" data-secret=\"TsS4QIJNkz\"><a href=\"https:\/\/proagrolab.com.ar\/en\/piden-que-se-normalicen-las-exportaciones-de-carne\/\">Piden que se normalicen las exportaciones de carne.<\/a><\/blockquote><iframe sandbox=\"allow-scripts\" security=\"restricted\" src=\"https:\/\/proagrolab.com.ar\/en\/piden-que-se-normalicen-las-exportaciones-de-carne\/embed\/#?secret=TsS4QIJNkz\" width=\"600\" height=\"338\" title=\"&#8220;Piden que se normalicen las exportaciones de carne.&#8221; &#8212; Proagro\" data-secret=\"TsS4QIJNkz\" frameborder=\"0\" marginwidth=\"0\" marginheight=\"0\" scrolling=\"no\" class=\"wp-embedded-content\"><\/iframe><script type=\"text\/javascript\">\n\/* <![CDATA[ *\/\n\/*! This file is auto-generated *\/\n!function(d,l){\"use strict\";l.querySelector&&d.addEventListener&&\"undefined\"!=typeof URL&&(d.wp=d.wp||{},d.wp.receiveEmbedMessage||(d.wp.receiveEmbedMessage=function(e){var t=e.data;if((t||t.secret||t.message||t.value)&&!\/[^a-zA-Z0-9]\/.test(t.secret)){for(var s,r,n,a=l.querySelectorAll('iframe[data-secret=\"'+t.secret+'\"]'),o=l.querySelectorAll('blockquote[data-secret=\"'+t.secret+'\"]'),c=new RegExp(\"^https?:$\",\"i\"),i=0;i<o.length;i++)o[i].style.display=\"none\";for(i=0;i<a.length;i++)s=a[i],e.source===s.contentWindow&&(s.removeAttribute(\"style\"),\"height\"===t.message?(1e3<(r=parseInt(t.value,10))?r=1e3:~~r<200&&(r=200),s.height=r):\"link\"===t.message&&(r=new URL(s.getAttribute(\"src\")),n=new URL(t.value),c.test(n.protocol))&&n.host===r.host&&l.activeElement===s&&(d.top.location.href=t.value))}},d.addEventListener(\"message\",d.wp.receiveEmbedMessage,!1),l.addEventListener(\"DOMContentLoaded\",function(){for(var e,t,s=l.querySelectorAll(\"iframe.wp-embedded-content\"),r=0;r<s.length;r++)(t=(e=s[r]).getAttribute(\"data-secret\"))||(t=Math.random().toString(36).substring(2,12),e.src+=\"#?secret=\"+t,e.setAttribute(\"data-secret\",t)),e.contentWindow.postMessage({message:\"ready\",secret:t},\"*\")},!1)))}(window,document);\n\/\/# sourceURL=https:\/\/proagrolab.com.ar\/wp-includes\/js\/wp-embed.min.js\n\/* ]]> *\/\n<\/script>\n","thumbnail_url":"https:\/\/proagrolab.com.ar\/wp-content\/uploads\/2015\/01\/g_tx82y0e02__Frigor\u00edfico-2.jpg","thumbnail_width":1,"thumbnail_height":1,"description":"Santiago Doval, presidente de la C\u00e1mara Argentina de Feedlot estim\u00f3 necesario normalizar las exportaciones de carne para evitar la volatilidad de los precios dado que &#8220;es un beneficio que llega a toda la cadena&#8221;. La ocupaci\u00f3n de los feed-lots con ganado para engordar alcanza el 60% y se espera mantener ese promedio en el segundo semestre del a\u00f1o para no resentir la cadena de la carne, asegur\u00f3 el presidente de la C\u00e1mara Argentina de Feedlot, Santiago Doval. El empresario tambi\u00e9n estim\u00f3 necesario normalizar las exportaciones de carne para evitar la volatilidad de los precios dado que &#8220;es un beneficio que llega a toda la cadena&#8221; y aclar\u00f3 que al criador &#8220;le servir\u00eda un precio mayor del ganado en pie, pero al igual que el gordo viene pisado hace dos a\u00f1os&#8221;. Doval asegur\u00f3 que tienen &#8220;muchas expectativas respecto de lo que pueda ocurrir en el segundo tramo del a\u00f1o&#8221; y a\u00f1adi\u00f3 que &#8220;la estrategia es preparar a los socios para evitar que se repita el escenario vivido en el ciclo 2012, cuando hubo una gran oferta y un quebranto por la baja de precio de salida de los feedlots&#8221;. De todas formas, el dirigente reconoci\u00f3 que en el orden nacional se [&hellip;]"}