{"version":"1.0","provider_name":"Proagro","provider_url":"https:\/\/proagrolab.com.ar\/en","title":"No cambiar\u00e1n la pol\u00edtica para el agro. | Proagro","type":"rich","width":600,"height":338,"html":"<blockquote class=\"wp-embedded-content\" data-secret=\"SpzUmbqxVM\"><a href=\"https:\/\/proagrolab.com.ar\/en\/no-cambiaran-la-politica-para-el-agro\/\">No cambiar\u00e1n la pol\u00edtica para el agro.<\/a><\/blockquote><iframe sandbox=\"allow-scripts\" security=\"restricted\" src=\"https:\/\/proagrolab.com.ar\/en\/no-cambiaran-la-politica-para-el-agro\/embed\/#?secret=SpzUmbqxVM\" width=\"600\" height=\"338\" title=\"&#8220;No cambiar\u00e1n la pol\u00edtica para el agro.&#8221; &#8212; Proagro\" data-secret=\"SpzUmbqxVM\" frameborder=\"0\" marginwidth=\"0\" marginheight=\"0\" scrolling=\"no\" class=\"wp-embedded-content\"><\/iframe><script type=\"text\/javascript\">\n\/* <![CDATA[ *\/\n\/*! This file is auto-generated *\/\n!function(d,l){\"use strict\";l.querySelector&&d.addEventListener&&\"undefined\"!=typeof URL&&(d.wp=d.wp||{},d.wp.receiveEmbedMessage||(d.wp.receiveEmbedMessage=function(e){var t=e.data;if((t||t.secret||t.message||t.value)&&!\/[^a-zA-Z0-9]\/.test(t.secret)){for(var s,r,n,a=l.querySelectorAll('iframe[data-secret=\"'+t.secret+'\"]'),o=l.querySelectorAll('blockquote[data-secret=\"'+t.secret+'\"]'),c=new RegExp(\"^https?:$\",\"i\"),i=0;i<o.length;i++)o[i].style.display=\"none\";for(i=0;i<a.length;i++)s=a[i],e.source===s.contentWindow&&(s.removeAttribute(\"style\"),\"height\"===t.message?(1e3<(r=parseInt(t.value,10))?r=1e3:~~r<200&&(r=200),s.height=r):\"link\"===t.message&&(r=new URL(s.getAttribute(\"src\")),n=new URL(t.value),c.test(n.protocol))&&n.host===r.host&&l.activeElement===s&&(d.top.location.href=t.value))}},d.addEventListener(\"message\",d.wp.receiveEmbedMessage,!1),l.addEventListener(\"DOMContentLoaded\",function(){for(var e,t,s=l.querySelectorAll(\"iframe.wp-embedded-content\"),r=0;r<s.length;r++)(t=(e=s[r]).getAttribute(\"data-secret\"))||(t=Math.random().toString(36).substring(2,12),e.src+=\"#?secret=\"+t,e.setAttribute(\"data-secret\",t)),e.contentWindow.postMessage({message:\"ready\",secret:t},\"*\")},!1)))}(window,document);\n\/\/# sourceURL=https:\/\/proagrolab.com.ar\/wp-includes\/js\/wp-embed.min.js\n\/* ]]> *\/\n<\/script>\n","thumbnail_url":"https:\/\/proagrolab.com.ar\/wp-content\/uploads\/2015\/01\/g_qdg7pw01k__Casamiquela-2.jpg","thumbnail_width":450,"thumbnail_height":208,"description":"El nuevo ministro Casamiquela dijo que se &#8220;revisar\u00e1&#8221; el sistema de control al sector, pero no habl\u00f3 de su eliminaci\u00f3n; le rest\u00f3 representatividad a la Comisi\u00f3n de Enlace. Por Fernando Bertello. El flamante ministro de Agricultura, Carlos Casamiquela, no prev\u00e9 realizar grandes cambios en la pol\u00edtica hacia el campo. Ayer, durante la puesta en funciones de su equipo junto con su par de Econom\u00eda, Axel Kicillof, Casamiquela no dio ning\u00fan indicio de que el Gobierno pretenda avanzar en la eliminaci\u00f3n del sistema que hoy traba la comercializaci\u00f3n y la exportaci\u00f3n de los productos del sector, como en los cultivos de trigo y ma\u00edz, fuertemente cuestionado por la Comisi\u00f3n de Enlace. S\u00f3lo dijo que se &#8220;revisar\u00e1n&#8221; los Registros de Operaciones de Exportaci\u00f3n (ROE), la herramienta de control que dificulta el comercio, para &#8220;mejorarlos&#8221;, pero no habl\u00f3 de eliminarlos. Adem\u00e1s, respecto de la Comisi\u00f3n de Enlace, que la semana pasada le pidi\u00f3 una audiencia, si bien no rechaz\u00f3 que quiera dialogar con esta agrupaci\u00f3n, como hab\u00eda trascendido de algunas versiones, no fue expl\u00edcito en cuanto a cu\u00e1ndo la recibir\u00e1, pero adem\u00e1s expres\u00f3 que no representa a todos los productores. &#8220;Voy a trabajar por cadenas y por territorios. As\u00ed que toda la dirigencia [&hellip;]"}