{"version":"1.0","provider_name":"Proagro","provider_url":"https:\/\/proagrolab.com.ar\/en","title":"Los frigor\u00edficos, cada vez menos \u0093exportadores\u0094. | Proagro","type":"rich","width":600,"height":338,"html":"<blockquote class=\"wp-embedded-content\" data-secret=\"kXHMkM9Yq5\"><a href=\"https:\/\/proagrolab.com.ar\/en\/los-frigorificos-cada-vez-menos-%c2%93exportadores%c2%94\/\">Los frigor\u00edficos, cada vez menos \u0093exportadores\u0094.<\/a><\/blockquote><iframe sandbox=\"allow-scripts\" security=\"restricted\" src=\"https:\/\/proagrolab.com.ar\/en\/los-frigorificos-cada-vez-menos-%c2%93exportadores%c2%94\/embed\/#?secret=kXHMkM9Yq5\" width=\"600\" height=\"338\" title=\"&#8220;Los frigor\u00edficos, cada vez menos \u0093exportadores\u0094.&#8221; &#8212; Proagro\" data-secret=\"kXHMkM9Yq5\" frameborder=\"0\" marginwidth=\"0\" marginheight=\"0\" scrolling=\"no\" class=\"wp-embedded-content\"><\/iframe><script type=\"text\/javascript\">\n\/* <![CDATA[ *\/\n\/*! This file is auto-generated *\/\n!function(d,l){\"use strict\";l.querySelector&&d.addEventListener&&\"undefined\"!=typeof URL&&(d.wp=d.wp||{},d.wp.receiveEmbedMessage||(d.wp.receiveEmbedMessage=function(e){var t=e.data;if((t||t.secret||t.message||t.value)&&!\/[^a-zA-Z0-9]\/.test(t.secret)){for(var s,r,n,a=l.querySelectorAll('iframe[data-secret=\"'+t.secret+'\"]'),o=l.querySelectorAll('blockquote[data-secret=\"'+t.secret+'\"]'),c=new RegExp(\"^https?:$\",\"i\"),i=0;i<o.length;i++)o[i].style.display=\"none\";for(i=0;i<a.length;i++)s=a[i],e.source===s.contentWindow&&(s.removeAttribute(\"style\"),\"height\"===t.message?(1e3<(r=parseInt(t.value,10))?r=1e3:~~r<200&&(r=200),s.height=r):\"link\"===t.message&&(r=new URL(s.getAttribute(\"src\")),n=new URL(t.value),c.test(n.protocol))&&n.host===r.host&&l.activeElement===s&&(d.top.location.href=t.value))}},d.addEventListener(\"message\",d.wp.receiveEmbedMessage,!1),l.addEventListener(\"DOMContentLoaded\",function(){for(var e,t,s=l.querySelectorAll(\"iframe.wp-embedded-content\"),r=0;r<s.length;r++)(t=(e=s[r]).getAttribute(\"data-secret\"))||(t=Math.random().toString(36).substring(2,12),e.src+=\"#?secret=\"+t,e.setAttribute(\"data-secret\",t)),e.contentWindow.postMessage({message:\"ready\",secret:t},\"*\")},!1)))}(window,document);\n\/\/# sourceURL=https:\/\/proagrolab.com.ar\/wp-includes\/js\/wp-embed.min.js\n\/* ]]> *\/\n<\/script>\n","thumbnail_url":"https:\/\/proagrolab.com.ar\/wp-content\/uploads\/2015\/01\/g_gkd0ju0db__Frigorifico-5.jpg","thumbnail_width":450,"thumbnail_height":208,"description":"Por Ignacio Iriarte. Si se toma la faena por planta frigor\u00edfica correspondiente al a\u00f1o 2013, se observa que de las 20 plantas frigor\u00edficas con mayor faena, 11 son plantas \u0093exportadoras\u0094. Las cinco f\u00e1bricas m\u00e1s grandes del pa\u00eds son todas \u0093exportadoras\u0094. De las 20 plantas con mayor faena, solo dos son de capitales extranjeros (brasile\u00f1os), debi\u00e9ndose tener en cuenta que en los \u00faltimos cinco a\u00f1os el capital extranjero en la industria frigor\u00edfica exportadora vendi\u00f3, transfiri\u00f3 o cerr\u00f3 10 plantas, todas de gran tama\u00f1o. Puede calcularse que este a\u00f1o las plantas, propiedad de capitales extranjeros faenar\u00e1n unas 600 mil cabezas que, sobre una faena nacional de unas 12,8 millones, significa solo 5,8 por ciento del total. Si dentro de esas 20 plantas con m\u00e1s faena se toma la matanza de las 11 dedicadas (en el pasado) preferentemente a la exportaci\u00f3n, se observar\u00e1 que faenaron el a\u00f1o pasado unas 2,2 millones de cabezas, que con un peso medio de 240 kilos (promedio ponderado de vacas y novillos) dar\u00eda un volumen de carne del orden de las 519 mil toneladas. Si se considera que la exportaci\u00f3n fue en 2013 del orden de las 200 mil toneladas, y se estima en otras 100 mil toneladas [&hellip;]"}