{"version":"1.0","provider_name":"Proagro","provider_url":"https:\/\/proagrolab.com.ar\/en","title":"Lleg\u00f3 Casamiquela y cambi\u00f3 la conducci\u00f3n del Senasa. | Proagro","type":"rich","width":600,"height":338,"html":"<blockquote class=\"wp-embedded-content\" data-secret=\"yZhzjttV08\"><a href=\"https:\/\/proagrolab.com.ar\/en\/llego-casamiquela-y-cambio-la-conduccion-del-senasa\/\">Lleg\u00f3 Casamiquela y cambi\u00f3 la conducci\u00f3n del Senasa.<\/a><\/blockquote><iframe sandbox=\"allow-scripts\" security=\"restricted\" src=\"https:\/\/proagrolab.com.ar\/en\/llego-casamiquela-y-cambio-la-conduccion-del-senasa\/embed\/#?secret=yZhzjttV08\" width=\"600\" height=\"338\" title=\"&#8220;Lleg\u00f3 Casamiquela y cambi\u00f3 la conducci\u00f3n del Senasa.&#8221; &#8212; Proagro\" data-secret=\"yZhzjttV08\" frameborder=\"0\" marginwidth=\"0\" marginheight=\"0\" scrolling=\"no\" class=\"wp-embedded-content\"><\/iframe><script type=\"text\/javascript\">\n\/* <![CDATA[ *\/\n\/*! This file is auto-generated *\/\n!function(d,l){\"use strict\";l.querySelector&&d.addEventListener&&\"undefined\"!=typeof URL&&(d.wp=d.wp||{},d.wp.receiveEmbedMessage||(d.wp.receiveEmbedMessage=function(e){var t=e.data;if((t||t.secret||t.message||t.value)&&!\/[^a-zA-Z0-9]\/.test(t.secret)){for(var s,r,n,a=l.querySelectorAll('iframe[data-secret=\"'+t.secret+'\"]'),o=l.querySelectorAll('blockquote[data-secret=\"'+t.secret+'\"]'),c=new RegExp(\"^https?:$\",\"i\"),i=0;i<o.length;i++)o[i].style.display=\"none\";for(i=0;i<a.length;i++)s=a[i],e.source===s.contentWindow&&(s.removeAttribute(\"style\"),\"height\"===t.message?(1e3<(r=parseInt(t.value,10))?r=1e3:~~r<200&&(r=200),s.height=r):\"link\"===t.message&&(r=new URL(s.getAttribute(\"src\")),n=new URL(t.value),c.test(n.protocol))&&n.host===r.host&&l.activeElement===s&&(d.top.location.href=t.value))}},d.addEventListener(\"message\",d.wp.receiveEmbedMessage,!1),l.addEventListener(\"DOMContentLoaded\",function(){for(var e,t,s=l.querySelectorAll(\"iframe.wp-embedded-content\"),r=0;r<s.length;r++)(t=(e=s[r]).getAttribute(\"data-secret\"))||(t=Math.random().toString(36).substring(2,12),e.src+=\"#?secret=\"+t,e.setAttribute(\"data-secret\",t)),e.contentWindow.postMessage({message:\"ready\",secret:t},\"*\")},!1)))}(window,document);\n\/\/# sourceURL=https:\/\/proagrolab.com.ar\/wp-includes\/js\/wp-embed.min.js\n\/* ]]> *\/\n<\/script>\n","thumbnail_url":"https:\/\/proagrolab.com.ar\/wp-content\/uploads\/2015\/01\/g_pufiurj54__Casamiquela-1.jpg","thumbnail_width":450,"thumbnail_height":208,"description":"Mientras los medios masivos de comunicaci\u00f3n vert\u00edan diversas opiniones sobre los nombramientos de Jorge Capitanich (jefe de Gabinete) y Axel Kicillof (ministro de Econom\u00eda), el sector rural recib\u00eda con una silenciosa expectativa el nombramiento de Carlos Casamiquela al frente del Ministerio de Agricultura, Ganader\u00eda y Pesca de la Naci\u00f3n; expectativa que se hizo a\u00fan m\u00e1s carente de cr\u00edticas tras la renuncia del ex secretario de Comercio, Guillermo Moreno. Horas m\u00e1s tarde, el pasado 20 de noviembre, este Peri\u00f3dico MOTIVAR sosten\u00eda a trav\u00e9s de su cuenta de Twitter (@pmotivar): \u0093Es factible que, tras la designaci\u00f3n de Casamiquela se produzcan cambios en el Senasa\u0094\u0085 Cambios que no tardaron en llegar: Diana Guill\u00e9n (presidenta) y Luis Carn\u00e9 (vice) reemplazaron en la conducci\u00f3n del organismo sanitario a Marcelo Miguez y Jos\u00e9 Mar\u00eda Romero. Esta fue la primera medida formal que tom\u00f3 al frente del Ministerio el, hasta ese entonces, presidente del INTA; a la cual se sum\u00f3 el pedido de renuncia a todos los secretarios y subsecretarios de la gesti\u00f3n Yahuar: Haroldo Lebed y Lorenzo Basso dejaron de formar parte del organismo, mientras que otros podr\u00edan seguir sus pasos. Un dato interesante tiene que ver con la reaparici\u00f3n en la escena pol\u00edtica de Jorge [&hellip;]"}