{"version":"1.0","provider_name":"Proagro","provider_url":"https:\/\/proagrolab.com.ar\/en","title":"Las charlas ganaderas Proagro pasaron por San Javier. | Proagro","type":"rich","width":600,"height":338,"html":"<blockquote class=\"wp-embedded-content\" data-secret=\"jyLaexcRbC\"><a href=\"https:\/\/proagrolab.com.ar\/en\/las-charlas-ganaderas-proagro-pasaron-por-san-javier\/\">Las charlas ganaderas Proagro pasaron por San Javier.<\/a><\/blockquote><iframe sandbox=\"allow-scripts\" security=\"restricted\" src=\"https:\/\/proagrolab.com.ar\/en\/las-charlas-ganaderas-proagro-pasaron-por-san-javier\/embed\/#?secret=jyLaexcRbC\" width=\"600\" height=\"338\" title=\"&#8220;Las charlas ganaderas Proagro pasaron por San Javier.&#8221; &#8212; Proagro\" data-secret=\"jyLaexcRbC\" frameborder=\"0\" marginwidth=\"0\" marginheight=\"0\" scrolling=\"no\" class=\"wp-embedded-content\"><\/iframe><script type=\"text\/javascript\">\n\/* <![CDATA[ *\/\n\/*! This file is auto-generated *\/\n!function(d,l){\"use strict\";l.querySelector&&d.addEventListener&&\"undefined\"!=typeof URL&&(d.wp=d.wp||{},d.wp.receiveEmbedMessage||(d.wp.receiveEmbedMessage=function(e){var t=e.data;if((t||t.secret||t.message||t.value)&&!\/[^a-zA-Z0-9]\/.test(t.secret)){for(var s,r,n,a=l.querySelectorAll('iframe[data-secret=\"'+t.secret+'\"]'),o=l.querySelectorAll('blockquote[data-secret=\"'+t.secret+'\"]'),c=new RegExp(\"^https?:$\",\"i\"),i=0;i<o.length;i++)o[i].style.display=\"none\";for(i=0;i<a.length;i++)s=a[i],e.source===s.contentWindow&&(s.removeAttribute(\"style\"),\"height\"===t.message?(1e3<(r=parseInt(t.value,10))?r=1e3:~~r<200&&(r=200),s.height=r):\"link\"===t.message&&(r=new URL(s.getAttribute(\"src\")),n=new URL(t.value),c.test(n.protocol))&&n.host===r.host&&l.activeElement===s&&(d.top.location.href=t.value))}},d.addEventListener(\"message\",d.wp.receiveEmbedMessage,!1),l.addEventListener(\"DOMContentLoaded\",function(){for(var e,t,s=l.querySelectorAll(\"iframe.wp-embedded-content\"),r=0;r<s.length;r++)(t=(e=s[r]).getAttribute(\"data-secret\"))||(t=Math.random().toString(36).substring(2,12),e.src+=\"#?secret=\"+t,e.setAttribute(\"data-secret\",t)),e.contentWindow.postMessage({message:\"ready\",secret:t},\"*\")},!1)))}(window,document);\n\/\/# sourceURL=https:\/\/proagrolab.com.ar\/wp-includes\/js\/wp-embed.min.js\n\/* ]]> *\/\n<\/script>\n","thumbnail_url":"https:\/\/proagrolab.com.ar\/wp-content\/uploads\/2015\/01\/g_eryuv97be__es_charla_en_san_javier.jpg","thumbnail_width":450,"thumbnail_height":208,"description":"El pasado viernes 4 de octubre, dentro del marco de la exposici\u00f3n Rural de San Javier, Proagro estuvo presente en brindado su ciclo de charlas Ganaderas. La charla estuvo a cargo del M\u00e9dico Veterinario Dante Impallari quien realiz\u00f3 una disertaci\u00f3n sobre la introducci\u00f3n a la Inseminaci\u00f3n Artificial a Tiempo Fijo (IATF) y las ventajas y desventajas de la IATF en rodeos de Cr\u00edaAdem\u00e1s realiz\u00f3 una breve presentaci\u00f3n de la nueva l\u00ednea Synkro xy recientemente lanzada al mercado. Tambi\u00e9n estuvieron presentes los responsables del Establecimiento Las Gamas Ing Agr. Ra\u00fal Villasboas (jefe operativo de la estancia) y su colega Rodolfo Vicino, quien es el delegado del Ministerio de Producci\u00f3n de la provincia de Santa Fe en San Javier. Este ciclo de charlas tienen como objetivo capacitar a los productores, que conozcan las nuevas tecnolog\u00edas y que puedan implementarlas con el objetivo de que logren producir m\u00e1s y mejor carne. Ya estuvimos capacitando productores de las ciudades de Las Toscas, Galvez y San Javier. Fueron reprogramadas las charlas de San Crist\u00f3bal y Gregoria P\u00e9rez de Denis con fecha a\u00fan por confirmar."}