{"version":"1.0","provider_name":"Proagro","provider_url":"https:\/\/proagrolab.com.ar\/en","title":"Campos ganaderos con el freno de mano. | Proagro","type":"rich","width":600,"height":338,"html":"<blockquote class=\"wp-embedded-content\" data-secret=\"IGzoXTfzg7\"><a href=\"https:\/\/proagrolab.com.ar\/en\/campos-ganaderos-con-el-freno-de-mano\/\">Campos ganaderos con el freno de mano.<\/a><\/blockquote><iframe sandbox=\"allow-scripts\" security=\"restricted\" src=\"https:\/\/proagrolab.com.ar\/en\/campos-ganaderos-con-el-freno-de-mano\/embed\/#?secret=IGzoXTfzg7\" width=\"600\" height=\"338\" title=\"&#8220;Campos ganaderos con el freno de mano.&#8221; &#8212; Proagro\" data-secret=\"IGzoXTfzg7\" frameborder=\"0\" marginwidth=\"0\" marginheight=\"0\" scrolling=\"no\" class=\"wp-embedded-content\"><\/iframe><script type=\"text\/javascript\">\n\/* <![CDATA[ *\/\n\/*! This file is auto-generated *\/\n!function(d,l){\"use strict\";l.querySelector&&d.addEventListener&&\"undefined\"!=typeof URL&&(d.wp=d.wp||{},d.wp.receiveEmbedMessage||(d.wp.receiveEmbedMessage=function(e){var t=e.data;if((t||t.secret||t.message||t.value)&&!\/[^a-zA-Z0-9]\/.test(t.secret)){for(var s,r,n,a=l.querySelectorAll('iframe[data-secret=\"'+t.secret+'\"]'),o=l.querySelectorAll('blockquote[data-secret=\"'+t.secret+'\"]'),c=new RegExp(\"^https?:$\",\"i\"),i=0;i<o.length;i++)o[i].style.display=\"none\";for(i=0;i<a.length;i++)s=a[i],e.source===s.contentWindow&&(s.removeAttribute(\"style\"),\"height\"===t.message?(1e3<(r=parseInt(t.value,10))?r=1e3:~~r<200&&(r=200),s.height=r):\"link\"===t.message&&(r=new URL(s.getAttribute(\"src\")),n=new URL(t.value),c.test(n.protocol))&&n.host===r.host&&l.activeElement===s&&(d.top.location.href=t.value))}},d.addEventListener(\"message\",d.wp.receiveEmbedMessage,!1),l.addEventListener(\"DOMContentLoaded\",function(){for(var e,t,s=l.querySelectorAll(\"iframe.wp-embedded-content\"),r=0;r<s.length;r++)(t=(e=s[r]).getAttribute(\"data-secret\"))||(t=Math.random().toString(36).substring(2,12),e.src+=\"#?secret=\"+t,e.setAttribute(\"data-secret\",t)),e.contentWindow.postMessage({message:\"ready\",secret:t},\"*\")},!1)))}(window,document);\n\/\/# sourceURL=https:\/\/proagrolab.com.ar\/wp-includes\/js\/wp-embed.min.js\n\/* ]]> *\/\n<\/script>\n","thumbnail_url":"https:\/\/proagrolab.com.ar\/wp-content\/uploads\/2015\/01\/g_p8580imts__Vacas-3.jpg","thumbnail_width":450,"thumbnail_height":208,"description":"Los alquileres ganaderos no logran tomar impulso. Si bien algunos operadores perciben un mayor inter\u00e9s de inversores en posicionarse en estos campos, en materia de arrendamientos advierten bajas que contrastan con la recuperaci\u00f3n de la hacienda en parte de 2014. &#8220;En general, se est\u00e1n renegociando hacia una baja del orden del 20% respecto del a\u00f1o anterior. Como referencia, campos en la Cuenca del Salado con una receptividad de 0,65 ug\/ha que se alquilaban en 60\/65 kilos por hect\u00e1rea\/a\u00f1o se est\u00e1n renegociando en el orden de los 50\/55 kgs\/ha\/a\u00f1o&#8221;, grafic\u00f3 Juan Jos\u00e9 Madero, director de la divisi\u00f3n campos de L. J. Ramos Brokers Inmobiliarios. Inter\u00e9sPese a esta situaci\u00f3n, hay gente tratando de poner un pie en la actividad, seg\u00fan destacan algunos operadores. &#8220;\u00daltimamente se est\u00e1 presentando un mayor inter\u00e9s por alquileres ganaderos. Se estima que la ganader\u00eda va a mejorar sus m\u00e1rgenes en un futuro a mediano plazo y muchos est\u00e1n tomando posici\u00f3n en este negocio&#8221;, afirm\u00f3 Federico Nordheimer. Mientras tanto, Marcos Lanusse, consultor, observa que no hay mucha demanda por alquilar. &#8220;El resultado econ\u00f3mico tanto para los criadores como invernadores es ajustado. Esto hace que no haya mucha demanda por el alquiler de campos ganaderos. Sin embargo, tampoco hay demasiada [&hellip;]"}