{"version":"1.0","provider_name":"Proagro","provider_url":"https:\/\/proagrolab.com.ar\/en","title":"Abri\u00f3 sus puertas la Exposici\u00f3n Rural en Palermo | Proagro","type":"rich","width":600,"height":338,"html":"<blockquote class=\"wp-embedded-content\" data-secret=\"o9X4bLml8F\"><a href=\"https:\/\/proagrolab.com.ar\/en\/abrio-sus-puertas-la-exposicion-rural-en-palermo\/\">Abri\u00f3 sus puertas la Exposici\u00f3n Rural en Palermo<\/a><\/blockquote><iframe sandbox=\"allow-scripts\" security=\"restricted\" src=\"https:\/\/proagrolab.com.ar\/en\/abrio-sus-puertas-la-exposicion-rural-en-palermo\/embed\/#?secret=o9X4bLml8F\" width=\"600\" height=\"338\" title=\"&#8220;Abri\u00f3 sus puertas la Exposici\u00f3n Rural en Palermo&#8221; &#8212; Proagro\" data-secret=\"o9X4bLml8F\" frameborder=\"0\" marginwidth=\"0\" marginheight=\"0\" scrolling=\"no\" class=\"wp-embedded-content\"><\/iframe><script type=\"text\/javascript\">\n\/* <![CDATA[ *\/\n\/*! This file is auto-generated *\/\n!function(d,l){\"use strict\";l.querySelector&&d.addEventListener&&\"undefined\"!=typeof URL&&(d.wp=d.wp||{},d.wp.receiveEmbedMessage||(d.wp.receiveEmbedMessage=function(e){var t=e.data;if((t||t.secret||t.message||t.value)&&!\/[^a-zA-Z0-9]\/.test(t.secret)){for(var s,r,n,a=l.querySelectorAll('iframe[data-secret=\"'+t.secret+'\"]'),o=l.querySelectorAll('blockquote[data-secret=\"'+t.secret+'\"]'),c=new RegExp(\"^https?:$\",\"i\"),i=0;i<o.length;i++)o[i].style.display=\"none\";for(i=0;i<a.length;i++)s=a[i],e.source===s.contentWindow&&(s.removeAttribute(\"style\"),\"height\"===t.message?(1e3<(r=parseInt(t.value,10))?r=1e3:~~r<200&&(r=200),s.height=r):\"link\"===t.message&&(r=new URL(s.getAttribute(\"src\")),n=new URL(t.value),c.test(n.protocol))&&n.host===r.host&&l.activeElement===s&&(d.top.location.href=t.value))}},d.addEventListener(\"message\",d.wp.receiveEmbedMessage,!1),l.addEventListener(\"DOMContentLoaded\",function(){for(var e,t,s=l.querySelectorAll(\"iframe.wp-embedded-content\"),r=0;r<s.length;r++)(t=(e=s[r]).getAttribute(\"data-secret\"))||(t=Math.random().toString(36).substring(2,12),e.src+=\"#?secret=\"+t,e.setAttribute(\"data-secret\",t)),e.contentWindow.postMessage({message:\"ready\",secret:t},\"*\")},!1)))}(window,document);\n\/\/# sourceURL=https:\/\/proagrolab.com.ar\/wp-includes\/js\/wp-embed.min.js\n\/* ]]> *\/\n<\/script>\n","thumbnail_url":"https:\/\/proagrolab.com.ar\/wp-content\/uploads\/2015\/07\/Toro-Francisco-1.jpg","thumbnail_width":660,"thumbnail_height":370,"description":"Esta ma\u00f1ana, Luis Miguel Etchevehere, presidente de la Sociedad Rural Argentina (SRA), junto al Jefe de Gabinete de Gobierno de la Ciudad de Buenos Aires y Jefe de Gobierno electo, Horacio Rodr\u00edguez Larreta, llevaron adelante el corte de cintas con el que abri\u00f3 sus puertas la 129\u00b0 Exposici\u00f3n de Ganader\u00eda, Agricultura e Industria Internacional. \u201cEn la Exposici\u00f3n Rural van a poder ver, como todos los a\u00f1os, las tendencias que va marcando el campo argentino a nivel mundial\u201d, afirm\u00f3 Etchevehere y agreg\u00f3 que durante la muestra \u201cse seleccionan los mejores animales para que puedan producir alimentos en calidad y cantidad que, en definitiva, van a ir a satisfacer la mesa de los argentinos\u201d. Tambi\u00e9n coment\u00f3 que \u201cel campo argentino es primer mundo, marca tendencia a nivel mundial en gen\u00e9tica y producci\u00f3n sustentable\u201d. Durante su discurso, Etchevehere dijo que \u201cesa potencialidad del campo necesita un contexto adecuado. De esa manera se podr\u00edan generar 1,1 mill\u00f3n de puestos de trabajo en la medida de tener las condiciones necesarias. Esto es lo que est\u00e1 en juego en esta elecci\u00f3n.\u00a0Venimos de 12 a\u00f1os de pol\u00edticas del oficialismo que han perjudicado la actividad agropecuaria\u201d, afirm\u00f3. \u201cNo s\u00f3lo perjudic\u00f3 al campo, perjudic\u00f3 a todo el interior argentino\u201d, [&hellip;]"}